{"id":1247,"date":"2023-01-10T08:49:52","date_gmt":"2023-01-10T07:49:52","guid":{"rendered":"http:\/\/www.leserredellido.it\/?page_id=1247"},"modified":"2023-03-07T16:03:55","modified_gmt":"2023-03-07T16:03:55","slug":"kontakte","status":"publish","type":"page","link":"https:\/\/www.leserredellido.it\/de\/kontakte\/","title":{"rendered":"Kontakte"},"content":{"rendered":"[vc_row type=&#8220;full_width_content&#8220; full_screen_row_position=&#8220;middle&#8220; column_margin=&#8220;10px&#8220; column_direction=&#8220;default&#8220; column_direction_tablet=&#8220;default&#8220; column_direction_phone=&#8220;default&#8220; scene_position=&#8220;center&#8220; top_padding=&#8220;10&#8243; constrain_group_1=&#8220;yes&#8220; bottom_padding=&#8220;10&#8243; left_padding_desktop=&#8220;40&#8243; constrain_group_2=&#8220;yes&#8220; right_padding_desktop=&#8220;40&#8243; top_padding_phone=&#8220;5&#8243; bottom_padding_phone=&#8220;5&#8243; left_padding_phone=&#8220;5&#8243; right_padding_phone=&#8220;5&#8243; constrain_group_7=&#8220;yes&#8220; text_color=&#8220;dark&#8220; text_align=&#8220;left&#8220; row_border_radius=&#8220;none&#8220; row_border_radius_applies=&#8220;bg&#8220; overflow=&#8220;visible&#8220; overlay_strength=&#8220;0.3&#8243; gradient_direction=&#8220;left_to_right&#8220; shape_divider_position=&#8220;bottom&#8220; bg_image_animation=&#8220;none&#8220; gradient_type=&#8220;default&#8220; shape_type=&#8220;&#8220;][vc_column top_padding_desktop=&#8220;10&#8243; constrain_group_100=&#8220;yes&#8220; bottom_padding_desktop=&#8220;10&#8243; left_padding_desktop=&#8220;10&#8243; constrain_group_101=&#8220;yes&#8220; right_padding_desktop=&#8220;10&#8243; top_margin=&#8220;0&#8243; constrain_group_1=&#8220;yes&#8220; bottom_margin=&#8220;0&#8243; left_margin=&#8220;0&#8243; constrain_group_2=&#8220;yes&#8220; right_margin=&#8220;0&#8243; column_element_direction_desktop=&#8220;default&#8220; column_element_spacing=&#8220;default&#8220; desktop_text_alignment=&#8220;default&#8220; tablet_text_alignment=&#8220;default&#8220; phone_text_alignment=&#8220;default&#8220; background_color_opacity=&#8220;1&#8243; background_hover_color_opacity=&#8220;1&#8243; column_backdrop_filter=&#8220;none&#8220; column_shadow=&#8220;none&#8220; column_border_radius=&#8220;none&#8220; column_link_target=&#8220;_self&#8220; column_position=&#8220;default&#8220; gradient_direction=&#8220;left_to_right&#8220; overlay_strength=&#8220;0.3&#8243; width=&#8220;1\/1&#8243; tablet_width_inherit=&#8220;default&#8220; animation_type=&#8220;default&#8220; bg_image_animation=&#8220;none&#8220; border_type=&#8220;simple&#8220; column_border_width=&#8220;1px&#8220; column_border_color=&#8220;#0b473a&#8220; column_border_style=&#8220;solid&#8220; column_padding_type=&#8220;advanced&#8220; gradient_type=&#8220;default&#8220;][nectar_gmap map_type=&#8220;leaflet&#8220; zoom=&#8220;13&#8243; marker_style=&#8220;nectar&#8220; color=&#8220;accent-color&#8220; map_center_lat=&#8220;45.4156422&#8243; map_center_lng=&#8220;12.3765517&#8243; size=&#8220;650&#8243; map_markers=&#8220;45.4156422|12.3765517|Le Serre del Lido&#8220;][\/vc_column][\/vc_row][vc_row type=&#8220;full_width_background&#8220; full_screen_row_position=&#8220;middle&#8220; column_margin=&#8220;default&#8220; column_direction=&#8220;default&#8220; column_direction_tablet=&#8220;default&#8220; column_direction_phone=&#8220;default&#8220; scene_position=&#8220;center&#8220; text_color=&#8220;dark&#8220; text_align=&#8220;left&#8220; row_border_radius=&#8220;none&#8220; row_border_radius_applies=&#8220;bg&#8220; overflow=&#8220;visible&#8220; overlay_strength=&#8220;0.3&#8243; gradient_direction=&#8220;left_to_right&#8220; shape_divider_position=&#8220;bottom&#8220; bg_image_animation=&#8220;none&#8220; gradient_type=&#8220;default&#8220; shape_type=&#8220;&#8220;][vc_column top_padding_desktop=&#8220;20&#8243; constrain_group_100=&#8220;yes&#8220; bottom_padding_desktop=&#8220;20&#8243; top_margin=&#8220;40&#8243; bottom_margin=&#8220;0&#8243; constrain_group_2=&#8220;yes&#8220; top_margin_tablet=&#8220;10&#8243; bottom_margin_tablet=&#8220;0&#8243; left_margin_tablet=&#8220;10&#8243; constrain_group_4=&#8220;yes&#8220; right_margin_tablet=&#8220;10&#8243; top_margin_phone=&#8220;10&#8243; bottom_margin_phone=&#8220;0&#8243; left_margin_phone=&#8220;10&#8243; constrain_group_6=&#8220;yes&#8220; right_margin_phone=&#8220;10&#8243; column_element_direction_desktop=&#8220;default&#8220; column_element_spacing=&#8220;default&#8220; desktop_text_alignment=&#8220;default&#8220; tablet_text_alignment=&#8220;default&#8220; phone_text_alignment=&#8220;default&#8220; background_color_opacity=&#8220;1&#8243; background_hover_color_opacity=&#8220;1&#8243; column_backdrop_filter=&#8220;none&#8220; column_shadow=&#8220;none&#8220; column_border_radius=&#8220;none&#8220; column_link_target=&#8220;_self&#8220; column_position=&#8220;default&#8220; gradient_direction=&#8220;left_to_right&#8220; overlay_strength=&#8220;0.3&#8243; width=&#8220;1\/1&#8243; tablet_width_inherit=&#8220;default&#8220; animation_type=&#8220;default&#8220; bg_image_animation=&#8220;none&#8220; border_type=&#8220;advanced&#8220; border_top_desktop=&#8220;1&#8243; border_bottom_desktop=&#8220;1&#8243; border_top_tablet=&#8220;1&#8243; border_bottom_tablet=&#8220;1&#8243; column_border_style=&#8220;solid&#8220; column_padding_type=&#8220;advanced&#8220; gradient_type=&#8220;default&#8220;][vc_row_inner column_margin=&#8220;default&#8220; column_direction=&#8220;default&#8220; column_direction_tablet=&#8220;default&#8220; column_direction_phone=&#8220;default&#8220; constrain_group_1=&#8220;yes&#8220; constrain_group_2=&#8220;yes&#8220; text_align=&#8220;left&#8220; row_position=&#8220;default&#8220; row_position_tablet=&#8220;inherit&#8220; row_position_phone=&#8220;inherit&#8220; overflow=&#8220;visible&#8220; pointer_events=&#8220;all&#8220;][vc_column_inner left_padding_tablet=&#8220;0&#8243; right_padding_tablet=&#8220;0&#8243; column_element_direction_desktop=&#8220;default&#8220; column_element_spacing=&#8220;default&#8220; desktop_text_alignment=&#8220;default&#8220; tablet_text_alignment=&#8220;default&#8220; phone_text_alignment=&#8220;default&#8220; background_color_opacity=&#8220;1&#8243; background_hover_color_opacity=&#8220;1&#8243; column_backdrop_filter=&#8220;none&#8220; column_shadow=&#8220;none&#8220; column_border_radius=&#8220;none&#8220; column_link_target=&#8220;_self&#8220; overflow=&#8220;visible&#8220; gradient_direction=&#8220;left_to_right&#8220; overlay_strength=&#8220;0.3&#8243; width=&#8220;1\/2&#8243; tablet_width_inherit=&#8220;default&#8220; animation_type=&#8220;default&#8220; bg_image_animation=&#8220;none&#8220; border_type=&#8220;advanced&#8220; border_right_desktop=&#8220;1&#8243; border_left_tablet=&#8220;0&#8243; border_top_tablet=&#8220;0&#8243; border_right_tablet=&#8220;0&#8243; column_border_color=&#8220;#395f50&#8243; column_border_style=&#8220;solid&#8220; column_padding_type=&#8220;advanced&#8220; gradient_type=&#8220;default&#8220;][vc_column_text]\n<h2 style=\"text-align: center;\">\u00a0 <span style=\"color: #395f50;\">\u201cLe Serre del Lido\u201d<\/span><\/h2>\n<h3 style=\"text-align: center;\">Lungomare Gabriele D&#8217;Annunzio, 14<br \/>\n30126 Lido di Venezia &#8211; Italy<\/h3>\n[\/vc_column_text][\/vc_column_inner][vc_column_inner left_padding_desktop=&#8220;3%&#8220; constrain_group_101=&#8220;yes&#8220; right_padding_desktop=&#8220;3%&#8220; top_padding_tablet=&#8220;0&#8243; bottom_padding_tablet=&#8220;0&#8243; left_padding_tablet=&#8220;0&#8243; right_padding_tablet=&#8220;0&#8243; column_element_direction_desktop=&#8220;default&#8220; column_element_spacing=&#8220;default&#8220; desktop_text_alignment=&#8220;default&#8220; tablet_text_alignment=&#8220;default&#8220; phone_text_alignment=&#8220;default&#8220; background_color_opacity=&#8220;1&#8243; background_hover_color_opacity=&#8220;1&#8243; column_backdrop_filter=&#8220;none&#8220; column_shadow=&#8220;none&#8220; column_border_radius=&#8220;none&#8220; column_link_target=&#8220;_self&#8220; overflow=&#8220;visible&#8220; gradient_direction=&#8220;left_to_right&#8220; overlay_strength=&#8220;0.3&#8243; width=&#8220;1\/2&#8243; tablet_width_inherit=&#8220;default&#8220; animation_type=&#8220;default&#8220; bg_image_animation=&#8220;none&#8220; border_type=&#8220;simple&#8220; column_border_width=&#8220;none&#8220; column_border_style=&#8220;solid&#8220; column_padding_type=&#8220;advanced&#8220; gradient_type=&#8220;default&#8220;][vc_column_text]\n<p style=\"text-align: center;\">Die <strong style=\"color: #395f50;\">\u201cSerre del Lido\u201d<\/strong> befinden sich im zentralsten Bereich des Lido di Venezia, direkt am Meer. Die Vaporetto-Anlegestelle ist in wenigen Minuten zu Fu\u00df erreichbar und verbindet das Zentrum von Venedig in 3 Haltestellen.<\/p>\n[\/vc_column_text][\/vc_column_inner][\/vc_row_inner][\/vc_column][\/vc_row][vc_row type=&#8220;in_container&#8220; full_screen_row_position=&#8220;middle&#8220; column_margin=&#8220;default&#8220; column_direction=&#8220;default&#8220; column_direction_tablet=&#8220;default&#8220; column_direction_phone=&#8220;default&#8220; scene_position=&#8220;center&#8220; top_margin=&#8220;40&#8243; text_color=&#8220;dark&#8220; text_align=&#8220;left&#8220; row_border_radius=&#8220;none&#8220; row_border_radius_applies=&#8220;bg&#8220; overflow=&#8220;visible&#8220; overlay_strength=&#8220;0.3&#8243; gradient_direction=&#8220;left_to_right&#8220; shape_divider_position=&#8220;bottom&#8220; bg_image_animation=&#8220;none&#8220; gradient_type=&#8220;default&#8220; shape_type=&#8220;&#8220;][vc_column column_padding=&#8220;no-extra-padding&#8220; column_padding_tablet=&#8220;inherit&#8220; column_padding_phone=&#8220;inherit&#8220; column_padding_position=&#8220;all&#8220; left_margin=&#8220;0&#8243; right_margin=&#8220;0&#8243; column_element_direction_desktop=&#8220;default&#8220; column_element_spacing=&#8220;default&#8220; desktop_text_alignment=&#8220;default&#8220; tablet_text_alignment=&#8220;default&#8220; phone_text_alignment=&#8220;default&#8220; background_color_opacity=&#8220;1&#8243; background_hover_color_opacity=&#8220;1&#8243; column_backdrop_filter=&#8220;none&#8220; column_shadow=&#8220;none&#8220; column_border_radius=&#8220;none&#8220; column_link_target=&#8220;_self&#8220; column_position=&#8220;default&#8220; gradient_direction=&#8220;left_to_right&#8220; overlay_strength=&#8220;0.3&#8243; width=&#8220;1\/2&#8243; tablet_width_inherit=&#8220;default&#8220; animation_type=&#8220;default&#8220; bg_image_animation=&#8220;none&#8220; border_type=&#8220;simple&#8220; column_border_width=&#8220;none&#8220; column_border_style=&#8220;solid&#8220; column_padding_type=&#8220;default&#8220; gradient_type=&#8220;default&#8220;][nectar_responsive_text]\n<h2 style=\"text-align: center; color: #395f50;\">Mit dem Flugzeug (Venedig VCE)<\/h2>\n[\/nectar_responsive_text][divider line_type=&#8220;Small Line&#8220; line_alignment=&#8220;center&#8220; line_thickness=&#8220;3&#8243; divider_color=&#8220;accent-color&#8220;][vc_column_text]Um die Insel <strong style=\"color: #395f50;\">Lido di Venezia<\/strong> vom Flughafen Venedig aus zu erreichen, ist das praktischste Verkehrsmittel der <strong style=\"color: #395f50;\">&#8222;shuttleboat&#8220; Alilaguna<\/strong>. Die Alilaguna BLU-Linie verbindet den Flughafen von Venedig alle 30 Minuten mit Lido und die Fahrt dauert etwa 1 Stunde (<a style=\"font-weight: bold;\" href=\"https:\/\/www.alilaguna.it\/linee\/linea-blu\/orario\">Fahrplan<\/a>).<\/p>\n<p>Alternativ kann man auch ein <strong style=\"color: #395f50;\">privates Taxi<\/strong> nehmen, das zwar bequemer und schneller ist, aber auch deutlich teurer.[\/vc_column_text][\/vc_column][vc_column column_padding=&#8220;no-extra-padding&#8220; column_padding_tablet=&#8220;inherit&#8220; column_padding_phone=&#8220;inherit&#8220; column_padding_position=&#8220;all&#8220; column_element_direction_desktop=&#8220;default&#8220; column_element_spacing=&#8220;default&#8220; desktop_text_alignment=&#8220;default&#8220; tablet_text_alignment=&#8220;default&#8220; phone_text_alignment=&#8220;default&#8220; background_color_opacity=&#8220;1&#8243; background_hover_color_opacity=&#8220;1&#8243; column_backdrop_filter=&#8220;none&#8220; column_shadow=&#8220;none&#8220; column_border_radius=&#8220;none&#8220; column_link_target=&#8220;_self&#8220; column_position=&#8220;default&#8220; gradient_direction=&#8220;left_to_right&#8220; overlay_strength=&#8220;0.3&#8243; width=&#8220;1\/2&#8243; tablet_width_inherit=&#8220;default&#8220; animation_type=&#8220;default&#8220; bg_image_animation=&#8220;none&#8220; border_type=&#8220;simple&#8220; column_border_width=&#8220;none&#8220; column_border_style=&#8220;solid&#8220;][nectar_responsive_text]\n<h2 style=\"text-align: center; color: #395f50;\">Mit dem Flugzeug (Treviso TSF)<\/h2>\n[\/nectar_responsive_text][divider line_type=&#8220;Small Line&#8220; line_alignment=&#8220;center&#8220; line_thickness=&#8220;3&#8243; divider_color=&#8220;accent-color&#8220;][vc_column_text]Wenn Sie am Flughafen <strong style=\"color: #395f50;\">Treviso<\/strong> landen und nach Venedig fahren m\u00f6chten, ist die bequemste M\u00f6glichkeit, die Insel Lido di Venezia \u00fcber den <strong style=\"color: #395f50;\">ATVO-Shuttlebus<\/strong>\u00a0(<a style=\"font-weight: bold;\" href=\"https:\/\/www.atvo.it\/allegati\/aeroporti\/aereoporto_treviso_tv-ve_dal_07.01_al_25.03.23.pdf\"> Zeitplan <\/a>) zu erreichen, der den Flughafen Treviso mit dem <strong style=\"color: #395f50;\">Piazzale Roma<\/strong> in Venedig verbindet.<\/p>\n<p>Nach Ihrer Ankunft in Venedig m\u00fcssen Sie das Verkehrsmittel wechseln und von Piazzale Roma aus die <strong style=\"color: #395f50;\">ACTV-Linie 5.1<\/strong>\u00a0(<a style=\"font-weight: bold;\" href=\"https:\/\/avm.avmspa.it\/sites\/default\/files\/avm\/navigazione\/Actv_nav_linea_5.1.pdf\"> Zeitplan <\/a>) nehmen, die Sie direkt zum Lido di Venezia bringt.[\/vc_column_text][\/vc_column][\/vc_row][vc_row type=&#8220;in_container&#8220; full_screen_row_position=&#8220;middle&#8220; column_margin=&#8220;default&#8220; column_direction=&#8220;default&#8220; column_direction_tablet=&#8220;default&#8220; column_direction_phone=&#8220;default&#8220; scene_position=&#8220;center&#8220; top_margin=&#8220;40&#8243; text_color=&#8220;dark&#8220; text_align=&#8220;left&#8220; row_border_radius=&#8220;none&#8220; row_border_radius_applies=&#8220;bg&#8220; overflow=&#8220;visible&#8220; overlay_strength=&#8220;0.3&#8243; gradient_direction=&#8220;left_to_right&#8220; shape_divider_position=&#8220;bottom&#8220; bg_image_animation=&#8220;none&#8220; gradient_type=&#8220;default&#8220; shape_type=&#8220;&#8220;][vc_column column_padding=&#8220;no-extra-padding&#8220; column_padding_tablet=&#8220;inherit&#8220; column_padding_phone=&#8220;inherit&#8220; column_padding_position=&#8220;all&#8220; column_element_direction_desktop=&#8220;default&#8220; column_element_spacing=&#8220;default&#8220; desktop_text_alignment=&#8220;default&#8220; tablet_text_alignment=&#8220;default&#8220; phone_text_alignment=&#8220;default&#8220; background_color_opacity=&#8220;1&#8243; background_hover_color_opacity=&#8220;1&#8243; column_backdrop_filter=&#8220;none&#8220; column_shadow=&#8220;none&#8220; column_border_radius=&#8220;none&#8220; column_link_target=&#8220;_self&#8220; column_position=&#8220;default&#8220; gradient_direction=&#8220;left_to_right&#8220; overlay_strength=&#8220;0.3&#8243; width=&#8220;1\/2&#8243; tablet_width_inherit=&#8220;default&#8220; animation_type=&#8220;default&#8220; bg_image_animation=&#8220;none&#8220; border_type=&#8220;simple&#8220; column_border_width=&#8220;none&#8220; column_border_style=&#8220;solid&#8220;][nectar_responsive_text]\n<h2 style=\"text-align: center; color: #395f50;\">Mit dem Auto<\/h2>\n[\/nectar_responsive_text][divider line_type=&#8220;Small Line&#8220; line_alignment=&#8220;center&#8220; line_thickness=&#8220;3&#8243; divider_color=&#8220;accent-color&#8220;][vc_column_text css=&#8220;.vc_custom_1678135709790{border-radius: 10px !important;}&#8220;]Wenn Sie mit dem Auto nach Venedig kommen, k\u00f6nnen Sie Lido di Venezia mit Ihrem Auto erreichen.<\/p>\n<p>Es gibt einen <strong style=\"color: #395f50;\">F\u00e4hrdienst<\/strong> der die Insel <strong style=\"color: #395f50;\">Tronchetto<\/strong>, raggiungibile in macchina con l&#8217;isola del Lido di Venezia. die mit dem Auto erreichbar ist, mit der Insel Lido di Venezia verbindet. Sobald Sie in Tronchetto angekommen sind, k\u00f6nnen Sie auf die <strong style=\"color: #395f50;\">ACTV-Linie<\/strong> (<a style=\"font-weight: bold;\" href=\"https:\/\/avm.avmspa.it\/sites\/default\/files\/avm\/navigazione\/Actv_nav_linea_17.pdf\">Fahrpl\u00e4ne<\/a>) umsteigen und in 30 Minuten nach Lido di Venezia gelangen.[\/vc_column_text][\/vc_column][vc_column column_padding=&#8220;no-extra-padding&#8220; column_padding_tablet=&#8220;inherit&#8220; column_padding_phone=&#8220;inherit&#8220; column_padding_position=&#8220;all&#8220; column_element_direction_desktop=&#8220;default&#8220; column_element_spacing=&#8220;default&#8220; desktop_text_alignment=&#8220;default&#8220; tablet_text_alignment=&#8220;default&#8220; phone_text_alignment=&#8220;default&#8220; background_color_opacity=&#8220;1&#8243; background_hover_color_opacity=&#8220;1&#8243; column_backdrop_filter=&#8220;none&#8220; column_shadow=&#8220;none&#8220; column_border_radius=&#8220;none&#8220; column_link_target=&#8220;_self&#8220; column_position=&#8220;default&#8220; gradient_direction=&#8220;left_to_right&#8220; overlay_strength=&#8220;0.3&#8243; width=&#8220;1\/2&#8243; tablet_width_inherit=&#8220;default&#8220; animation_type=&#8220;default&#8220; bg_image_animation=&#8220;none&#8220; border_type=&#8220;simple&#8220; column_border_width=&#8220;none&#8220; column_border_style=&#8220;solid&#8220;][nectar_responsive_text]\n<h2 style=\"text-align: center; color: #395f50;\">mit dem Zug<\/h2>\n[\/nectar_responsive_text][divider line_type=&#8220;Small Line&#8220; line_alignment=&#8220;center&#8220; line_thickness=&#8220;3&#8243; divider_color=&#8220;accent-color&#8220;][vc_column_text]Wenn Sie mit dem Zug nach Venedig kommen, k\u00f6nnen Sie mit der ACTV-Linie 5.1 (<a style=\"font-weight: bold;\" href=\"https:\/\/avm.avmspa.it\/sites\/default\/files\/avm\/navigazione\/Actv_nav_linea_5.1.pdf\"> Fahrplan <\/a>) den Lido von Venedig erreichen. Die Vaporetto-Anlegestelle befindet sich gegen\u00fcber dem Bahnhof Santa Lucia in Venedig.<\/p>\n<p>Wenn Sie nicht in Eile sind und einen Panoramablick auf die Stadt Venedig genie\u00dfen m\u00f6chten, bevor Sie den Lido von Venedig erreichen, k\u00f6nnen Sie <strong style=\"color: #395f50;\">ACTV-Linie 1<\/strong> (Fahrplan) Richtung Lido nehmen und die beeindruckende Kulisse des <strong style=\"color: #395f50;\">Canal Grande <\/strong>genie\u00dfen.[\/vc_column_text][\/vc_column][\/vc_row]\n","protected":false},"excerpt":{"rendered":"<p>[vc_row type=&#8220;full_width_content&#8220; full_screen_row_position=&#8220;middle&#8220; column_margin=&#8220;10px&#8220; column_direction=&#8220;default&#8220; column_direction_tablet=&#8220;default&#8220; column_direction_phone=&#8220;default&#8220; scene_position=&#8220;center&#8220; top_padding=&#8220;10&#8243; constrain_group_1=&#8220;yes&#8220; bottom_padding=&#8220;10&#8243; left_padding_desktop=&#8220;40&#8243; constrain_group_2=&#8220;yes&#8220; right_padding_desktop=&#8220;40&#8243; top_padding_phone=&#8220;5&#8243; bottom_padding_phone=&#8220;5&#8243; left_padding_phone=&#8220;5&#8243; right_padding_phone=&#8220;5&#8243; constrain_group_7=&#8220;yes&#8220; text_color=&#8220;dark&#8220; text_align=&#8220;left&#8220; row_border_radius=&#8220;none&#8220; row_border_radius_applies=&#8220;bg&#8220; overflow=&#8220;visible&#8220; overlay_strength=&#8220;0.3&#8243; gradient_direction=&#8220;left_to_right&#8220; shape_divider_position=&#8220;bottom&#8220; bg_image_animation=&#8220;none&#8220; gradient_type=&#8220;default&#8220; shape_type=&#8220;&#8220;][vc_column&#8230;<\/p>\n","protected":false},"author":1,"featured_media":0,"parent":0,"menu_order":0,"comment_status":"closed","ping_status":"closed","template":"","meta":{"footnotes":""},"class_list":["post-1247","page","type-page","status-publish"],"yoast_head":"<!-- This site is optimized with the Yoast SEO plugin v24.3 - https:\/\/yoast.com\/wordpress\/plugins\/seo\/ -->\n<title>Kontakte - Le Serre del Lido<\/title>\n<meta name=\"robots\" content=\"index, follow, max-snippet:-1, max-image-preview:large, max-video-preview:-1\" \/>\n<link rel=\"canonical\" href=\"https:\/\/www.leserredellido.it\/de\/kontakte\/\" \/>\n<meta property=\"og:locale\" content=\"de_DE\" \/>\n<meta property=\"og:type\" content=\"article\" \/>\n<meta property=\"og:title\" content=\"Kontakte - Le Serre del Lido\" \/>\n<meta property=\"og:description\" content=\"[vc_row type=&#8220;full_width_content&#8220; full_screen_row_position=&#8220;middle&#8220; column_margin=&#8220;10px&#8220; column_direction=&#8220;default&#8220; column_direction_tablet=&#8220;default&#8220; column_direction_phone=&#8220;default&#8220; scene_position=&#8220;center&#8220; top_padding=&#8220;10&#8243; constrain_group_1=&#8220;yes&#8220; bottom_padding=&#8220;10&#8243; left_padding_desktop=&#8220;40&#8243; constrain_group_2=&#8220;yes&#8220; right_padding_desktop=&#8220;40&#8243; top_padding_phone=&#8220;5&#8243; bottom_padding_phone=&#8220;5&#8243; left_padding_phone=&#8220;5&#8243; right_padding_phone=&#8220;5&#8243; constrain_group_7=&#8220;yes&#8220; text_color=&#8220;dark&#8220; text_align=&#8220;left&#8220; row_border_radius=&#8220;none&#8220; row_border_radius_applies=&#8220;bg&#8220; overflow=&#8220;visible&#8220; overlay_strength=&#8220;0.3&#8243; gradient_direction=&#8220;left_to_right&#8220; shape_divider_position=&#8220;bottom&#8220; bg_image_animation=&#8220;none&#8220; gradient_type=&#8220;default&#8220; shape_type=&#8220;&#8220;][vc_column...\" \/>\n<meta property=\"og:url\" content=\"https:\/\/www.leserredellido.it\/de\/kontakte\/\" \/>\n<meta property=\"og:site_name\" content=\"Le Serre del Lido\" \/>\n<meta property=\"article:publisher\" content=\"https:\/\/www.facebook.com\/@Le-Serre-del-Lido-100063724713544\/\" \/>\n<meta property=\"article:modified_time\" content=\"2023-03-07T16:03:55+00:00\" \/>\n<meta property=\"og:image\" content=\"https:\/\/www.leserredellido.it\/wp-content\/uploads\/2023\/01\/img-3-01-scaled.jpeg\" \/>\n\t<meta property=\"og:image:width\" content=\"2560\" \/>\n\t<meta property=\"og:image:height\" content=\"1707\" \/>\n\t<meta property=\"og:image:type\" content=\"image\/jpeg\" \/>\n<meta name=\"twitter:card\" content=\"summary_large_image\" \/>\n<meta name=\"twitter:label1\" content=\"Gesch\u00e4tzte Lesezeit\" \/>\n\t<meta name=\"twitter:data1\" content=\"8\u00a0Minuten\" \/>\n<script type=\"application\/ld+json\" class=\"yoast-schema-graph\">{\"@context\":\"https:\/\/schema.org\",\"@graph\":[{\"@type\":\"WebPage\",\"@id\":\"https:\/\/www.leserredellido.it\/de\/kontakte\/\",\"url\":\"https:\/\/www.leserredellido.it\/de\/kontakte\/\",\"name\":\"Kontakte - Le Serre del Lido\",\"isPartOf\":{\"@id\":\"https:\/\/www.leserredellido.it\/#website\"},\"datePublished\":\"2023-01-10T07:49:52+00:00\",\"dateModified\":\"2023-03-07T16:03:55+00:00\",\"breadcrumb\":{\"@id\":\"https:\/\/www.leserredellido.it\/de\/kontakte\/#breadcrumb\"},\"inLanguage\":\"de\",\"potentialAction\":[{\"@type\":\"ReadAction\",\"target\":[\"https:\/\/www.leserredellido.it\/de\/kontakte\/\"]}]},{\"@type\":\"BreadcrumbList\",\"@id\":\"https:\/\/www.leserredellido.it\/de\/kontakte\/#breadcrumb\",\"itemListElement\":[{\"@type\":\"ListItem\",\"position\":1,\"name\":\"Home\",\"item\":\"https:\/\/www.leserredellido.it\/de\/\"},{\"@type\":\"ListItem\",\"position\":2,\"name\":\"Kontakte\"}]},{\"@type\":\"WebSite\",\"@id\":\"https:\/\/www.leserredellido.it\/#website\",\"url\":\"https:\/\/www.leserredellido.it\/\",\"name\":\"Le Serre del Lido\",\"description\":\"Un angolo di pace tra il mare e la laguna\",\"alternateName\":\"LSDL\",\"potentialAction\":[{\"@type\":\"SearchAction\",\"target\":{\"@type\":\"EntryPoint\",\"urlTemplate\":\"https:\/\/www.leserredellido.it\/?s={search_term_string}\"},\"query-input\":{\"@type\":\"PropertyValueSpecification\",\"valueRequired\":true,\"valueName\":\"search_term_string\"}}],\"inLanguage\":\"de\"}]}<\/script>\n<!-- \/ Yoast SEO plugin. -->","yoast_head_json":{"title":"Kontakte - Le Serre del Lido","robots":{"index":"index","follow":"follow","max-snippet":"max-snippet:-1","max-image-preview":"max-image-preview:large","max-video-preview":"max-video-preview:-1"},"canonical":"https:\/\/www.leserredellido.it\/de\/kontakte\/","og_locale":"de_DE","og_type":"article","og_title":"Kontakte - Le Serre del Lido","og_description":"[vc_row type=&#8220;full_width_content&#8220; full_screen_row_position=&#8220;middle&#8220; column_margin=&#8220;10px&#8220; column_direction=&#8220;default&#8220; column_direction_tablet=&#8220;default&#8220; column_direction_phone=&#8220;default&#8220; scene_position=&#8220;center&#8220; top_padding=&#8220;10&#8243; constrain_group_1=&#8220;yes&#8220; bottom_padding=&#8220;10&#8243; left_padding_desktop=&#8220;40&#8243; constrain_group_2=&#8220;yes&#8220; right_padding_desktop=&#8220;40&#8243; top_padding_phone=&#8220;5&#8243; bottom_padding_phone=&#8220;5&#8243; left_padding_phone=&#8220;5&#8243; right_padding_phone=&#8220;5&#8243; constrain_group_7=&#8220;yes&#8220; text_color=&#8220;dark&#8220; text_align=&#8220;left&#8220; row_border_radius=&#8220;none&#8220; row_border_radius_applies=&#8220;bg&#8220; overflow=&#8220;visible&#8220; overlay_strength=&#8220;0.3&#8243; gradient_direction=&#8220;left_to_right&#8220; shape_divider_position=&#8220;bottom&#8220; bg_image_animation=&#8220;none&#8220; gradient_type=&#8220;default&#8220; shape_type=&#8220;&#8220;][vc_column...","og_url":"https:\/\/www.leserredellido.it\/de\/kontakte\/","og_site_name":"Le Serre del Lido","article_publisher":"https:\/\/www.facebook.com\/@Le-Serre-del-Lido-100063724713544\/","article_modified_time":"2023-03-07T16:03:55+00:00","og_image":[{"width":2560,"height":1707,"url":"https:\/\/www.leserredellido.it\/wp-content\/uploads\/2023\/01\/img-3-01-scaled.jpeg","type":"image\/jpeg"}],"twitter_card":"summary_large_image","twitter_misc":{"Gesch\u00e4tzte Lesezeit":"8\u00a0Minuten"},"schema":{"@context":"https:\/\/schema.org","@graph":[{"@type":"WebPage","@id":"https:\/\/www.leserredellido.it\/de\/kontakte\/","url":"https:\/\/www.leserredellido.it\/de\/kontakte\/","name":"Kontakte - Le Serre del Lido","isPartOf":{"@id":"https:\/\/www.leserredellido.it\/#website"},"datePublished":"2023-01-10T07:49:52+00:00","dateModified":"2023-03-07T16:03:55+00:00","breadcrumb":{"@id":"https:\/\/www.leserredellido.it\/de\/kontakte\/#breadcrumb"},"inLanguage":"de","potentialAction":[{"@type":"ReadAction","target":["https:\/\/www.leserredellido.it\/de\/kontakte\/"]}]},{"@type":"BreadcrumbList","@id":"https:\/\/www.leserredellido.it\/de\/kontakte\/#breadcrumb","itemListElement":[{"@type":"ListItem","position":1,"name":"Home","item":"https:\/\/www.leserredellido.it\/de\/"},{"@type":"ListItem","position":2,"name":"Kontakte"}]},{"@type":"WebSite","@id":"https:\/\/www.leserredellido.it\/#website","url":"https:\/\/www.leserredellido.it\/","name":"Le Serre del Lido","description":"Un angolo di pace tra il mare e la laguna","alternateName":"LSDL","potentialAction":[{"@type":"SearchAction","target":{"@type":"EntryPoint","urlTemplate":"https:\/\/www.leserredellido.it\/?s={search_term_string}"},"query-input":{"@type":"PropertyValueSpecification","valueRequired":true,"valueName":"search_term_string"}}],"inLanguage":"de"}]}},"_links":{"self":[{"href":"https:\/\/www.leserredellido.it\/de\/wp-json\/wp\/v2\/pages\/1247","targetHints":{"allow":["GET"]}}],"collection":[{"href":"https:\/\/www.leserredellido.it\/de\/wp-json\/wp\/v2\/pages"}],"about":[{"href":"https:\/\/www.leserredellido.it\/de\/wp-json\/wp\/v2\/types\/page"}],"author":[{"embeddable":true,"href":"https:\/\/www.leserredellido.it\/de\/wp-json\/wp\/v2\/users\/1"}],"replies":[{"embeddable":true,"href":"https:\/\/www.leserredellido.it\/de\/wp-json\/wp\/v2\/comments?post=1247"}],"version-history":[{"count":4,"href":"https:\/\/www.leserredellido.it\/de\/wp-json\/wp\/v2\/pages\/1247\/revisions"}],"predecessor-version":[{"id":1333,"href":"https:\/\/www.leserredellido.it\/de\/wp-json\/wp\/v2\/pages\/1247\/revisions\/1333"}],"wp:attachment":[{"href":"https:\/\/www.leserredellido.it\/de\/wp-json\/wp\/v2\/media?parent=1247"}],"curies":[{"name":"wp","href":"https:\/\/api.w.org\/{rel}","templated":true}]}}