{"id":1242,"date":"2023-01-11T10:11:37","date_gmt":"2023-01-11T09:11:37","guid":{"rendered":"http:\/\/www.leserredellido.it\/?page_id=1242"},"modified":"2023-03-07T08:39:59","modified_gmt":"2023-03-07T08:39:59","slug":"lido-di-venezia","status":"publish","type":"page","link":"https:\/\/www.leserredellido.it\/de\/lido-di-venezia\/","title":{"rendered":"Lido di Venezia"},"content":{"rendered":"[vc_row type=&#8220;in_container&#8220; full_screen_row_position=&#8220;middle&#8220; column_margin=&#8220;default&#8220; column_direction=&#8220;default&#8220; column_direction_tablet=&#8220;default&#8220; column_direction_phone=&#8220;default&#8220; scene_position=&#8220;center&#8220; text_color=&#8220;dark&#8220; text_align=&#8220;left&#8220; row_border_radius=&#8220;none&#8220; row_border_radius_applies=&#8220;bg&#8220; overflow=&#8220;visible&#8220; overlay_strength=&#8220;0.3&#8243; gradient_direction=&#8220;left_to_right&#8220; shape_divider_position=&#8220;bottom&#8220; bg_image_animation=&#8220;none&#8220;][vc_column column_padding=&#8220;no-extra-padding&#8220; column_padding_tablet=&#8220;inherit&#8220; column_padding_phone=&#8220;inherit&#8220; column_padding_position=&#8220;all&#8220; column_element_direction_desktop=&#8220;default&#8220; column_element_spacing=&#8220;default&#8220; desktop_text_alignment=&#8220;default&#8220; tablet_text_alignment=&#8220;default&#8220; phone_text_alignment=&#8220;default&#8220; background_color_opacity=&#8220;1&#8243; background_hover_color_opacity=&#8220;1&#8243; column_backdrop_filter=&#8220;none&#8220; column_shadow=&#8220;none&#8220; column_border_radius=&#8220;none&#8220; column_link_target=&#8220;_self&#8220; column_position=&#8220;default&#8220; gradient_direction=&#8220;left_to_right&#8220; overlay_strength=&#8220;0.3&#8243; width=&#8220;1\/1&#8243; tablet_width_inherit=&#8220;default&#8220; animation_type=&#8220;default&#8220; bg_image_animation=&#8220;none&#8220; border_type=&#8220;simple&#8220; column_border_width=&#8220;none&#8220; column_border_style=&#8220;solid&#8220;][nectar_highlighted_text color_type=&#8220;regular&#8220; highlight_color=&#8220;#395f50&#8243; text_color=&#8220;#395f50&#8243; style=&#8220;regular_underline&#8220; highlight_expansion=&#8220;default&#8220; underline_thickness=&#8220;default&#8220;]\n<h2><strong style=\"color: #395f50;\"><em>Das Lido von Venedig<\/em><\/strong><\/h2>\n[\/nectar_highlighted_text][\/vc_column][\/vc_row][vc_row type=&#8220;in_container&#8220; full_screen_row_position=&#8220;middle&#8220; column_margin=&#8220;default&#8220; column_direction=&#8220;default&#8220; column_direction_tablet=&#8220;column_reverse&#8220; column_direction_phone=&#8220;column_reverse&#8220; scene_position=&#8220;center&#8220; text_color=&#8220;dark&#8220; text_align=&#8220;left&#8220; row_border_radius=&#8220;none&#8220; row_border_radius_applies=&#8220;bg&#8220; overflow=&#8220;visible&#8220; overlay_strength=&#8220;0.3&#8243; gradient_direction=&#8220;left_to_right&#8220; shape_divider_position=&#8220;bottom&#8220; bg_image_animation=&#8220;none&#8220; gradient_type=&#8220;default&#8220; shape_type=&#8220;&#8220;][vc_column column_padding=&#8220;no-extra-padding&#8220; column_padding_tablet=&#8220;inherit&#8220; column_padding_phone=&#8220;inherit&#8220; column_padding_position=&#8220;all&#8220; column_element_direction_desktop=&#8220;default&#8220; column_element_spacing=&#8220;default&#8220; desktop_text_alignment=&#8220;default&#8220; tablet_text_alignment=&#8220;default&#8220; phone_text_alignment=&#8220;default&#8220; background_color_opacity=&#8220;1&#8243; background_hover_color_opacity=&#8220;1&#8243; column_backdrop_filter=&#8220;none&#8220; column_shadow=&#8220;none&#8220; column_border_radius=&#8220;none&#8220; column_link_target=&#8220;_self&#8220; column_position=&#8220;default&#8220; gradient_direction=&#8220;left_to_right&#8220; overlay_strength=&#8220;0.3&#8243; width=&#8220;1\/2&#8243; tablet_width_inherit=&#8220;default&#8220; animation_type=&#8220;default&#8220; bg_image_animation=&#8220;none&#8220; border_type=&#8220;simple&#8220; column_border_width=&#8220;none&#8220; column_border_style=&#8220;solid&#8220;][vc_gallery type=&#8220;image_grid&#8220; images=&#8220;773,772,769,770,771,779,780,781,782,783,786,787,788,791,793,795&#8243; image_grid_loading=&#8220;default&#8220; layout=&#8220;constrained_fullwidth&#8220; masonry_style=&#8220;true&#8220; item_spacing=&#8220;5px&#8220; gallery_style=&#8220;7&#8243; load_in_animation=&#8220;none&#8220;][\/vc_column][vc_column column_padding=&#8220;no-extra-padding&#8220; column_padding_tablet=&#8220;inherit&#8220; column_padding_phone=&#8220;inherit&#8220; column_padding_position=&#8220;all&#8220; column_element_direction_desktop=&#8220;default&#8220; column_element_spacing=&#8220;default&#8220; desktop_text_alignment=&#8220;default&#8220; tablet_text_alignment=&#8220;default&#8220; phone_text_alignment=&#8220;default&#8220; background_color_opacity=&#8220;1&#8243; background_hover_color_opacity=&#8220;1&#8243; column_backdrop_filter=&#8220;none&#8220; column_shadow=&#8220;none&#8220; column_border_radius=&#8220;none&#8220; column_link_target=&#8220;_self&#8220; column_position=&#8220;default&#8220; gradient_direction=&#8220;left_to_right&#8220; overlay_strength=&#8220;0.3&#8243; width=&#8220;1\/2&#8243; tablet_width_inherit=&#8220;default&#8220; animation_type=&#8220;default&#8220; bg_image_animation=&#8220;none&#8220; border_type=&#8220;simple&#8220; column_border_width=&#8220;none&#8220; column_border_style=&#8220;solid&#8220;][vc_column_text]Die Insel Lido di Venezia ist ein einzigartiger Ort, der zwischen den Gew\u00e4ssern der Adria und den ruhigen Gew\u00e4ssern der venezianischen Lagune liegt. Diese privilegierte Lage bietet den Besuchern eine unvergessliche Reiseerfahrung durch atemberaubende Panoramen und eine unvergleichliche nat\u00fcrliche Sch\u00f6nheit.<\/p>\n<p>Der Lido ist auch das ideale Ziel f\u00fcr diejenigen, die das historische Zentrum von Venedig besuchen m\u00f6chten, da es nur wenige Minuten mit dem Vaporetto von San Marco, dem pulsierenden Herzen der Stadt, entfernt ist. Hier k\u00f6nnen Sie die ber\u00fchmten Denkm\u00e4ler und k\u00fcnstlerischen Sch\u00e4tze bewundern, die die Stadt zu bieten hat.<\/p>\n<p>Lido di Venezia war in der Vergangenheit ein Luxusreiseziel, das von Adeligen und internationalen Eliten besucht wurde. Diese Geschichte wird durch die Anwesenheit gro\u00dfer Luxushotels wie dem Hotel Excelsior und dem Grand Hotel des Bains belegt, die weltber\u00fchmte Pers\u00f6nlichkeiten beherbergt haben.<\/p>\n<p>Dar\u00fcber hinaus verf\u00fcgt Lido \u00fcber einen touristischen Flughafen, der fr\u00fcher der Flughafen von Venedig war. Diese Infrastruktur bietet den Besuchern die M\u00f6glichkeit, Lido schnell und bequem zu erreichen und bietet einen einzigartigen Panoramablick auf die Lagune.<\/p>\n<p>Ein Aufenthalt in den Serre del Lido wird es Ihnen erm\u00f6glichen, die Geschichte und Sch\u00f6nheit von Lido di Venezia zu entdecken und sich in seine einzigartige und bezaubernde Atmosph\u00e4re einzutauchen. Kommen Sie und entdecken Sie dieses exklusive und unvergessliche Reiseziel!<\/p>\n<p>Au\u00dferdem bietet Lido di Venezia den Besuchern viele Attraktionen und Aktivit\u00e4ten zum Entdecken. Die Insel ist ber\u00fchmt f\u00fcr ihre Str\u00e4nde, deren goldenen Sand ihr den Spitznamen &#8222;Goldene Insel&#8220; eingebracht hat. Die Str\u00e4nde des Lido geh\u00f6ren zu den bekanntesten der Region und zeichnen sich durch ihre nat\u00fcrliche Sch\u00f6nheit und die Qualit\u00e4t des kristallklaren Wassers aus.<\/p>\n<p>Aber Lido ist nicht nur Meer und Sonne: Hier finden Sie auch den Golf Club Venezia, einen der \u00e4ltesten Golfpl\u00e4tze Italiens, der eine einzigartige Spielerfahrung zwischen den gr\u00fcnen H\u00fcgeln der Insel bietet.<\/p>\n<p>Dar\u00fcber hinaus beherbergt Lido jedes Jahr das renommierte Filmfestival von Venedig, eines der wichtigsten Filmereignisse weltweit. W\u00e4hrend der Veranstaltung wird die Insel von Besuchern aus der ganzen Welt belebt und macht Lido zu einem noch faszinierenderen und kosmopolitischen Ort.<\/p>\n<p>Wenn Sie in den Serre del Lido \u00fcbernachten, haben Sie die M\u00f6glichkeit, alle Wunder der Insel Lido di Venezia zwischen Meer, Kultur, Geschichte und Spa\u00df zu entdecken. Verpassen Sie nicht die Gelegenheit, eine einzigartige Erfahrung an einem der sch\u00f6nsten Orte Italiens zu machen.[\/vc_column_text][\/vc_column][\/vc_row][vc_row type=&#8220;in_container&#8220; full_screen_row_position=&#8220;middle&#8220; column_margin=&#8220;default&#8220; column_direction=&#8220;default&#8220; column_direction_tablet=&#8220;default&#8220; column_direction_phone=&#8220;default&#8220; scene_position=&#8220;center&#8220; text_color=&#8220;dark&#8220; text_align=&#8220;left&#8220; row_border_radius=&#8220;none&#8220; row_border_radius_applies=&#8220;bg&#8220; overflow=&#8220;visible&#8220; overlay_strength=&#8220;0.3&#8243; gradient_direction=&#8220;left_to_right&#8220; shape_divider_position=&#8220;bottom&#8220; bg_image_animation=&#8220;none&#8220;][vc_column column_padding=&#8220;no-extra-padding&#8220; column_padding_tablet=&#8220;inherit&#8220; column_padding_phone=&#8220;inherit&#8220; column_padding_position=&#8220;all&#8220; column_element_direction_desktop=&#8220;default&#8220; column_element_spacing=&#8220;default&#8220; desktop_text_alignment=&#8220;default&#8220; tablet_text_alignment=&#8220;default&#8220; phone_text_alignment=&#8220;default&#8220; background_color_opacity=&#8220;1&#8243; background_hover_color_opacity=&#8220;1&#8243; column_backdrop_filter=&#8220;none&#8220; column_shadow=&#8220;none&#8220; column_border_radius=&#8220;none&#8220; column_link_target=&#8220;_self&#8220; column_position=&#8220;default&#8220; gradient_direction=&#8220;left_to_right&#8220; overlay_strength=&#8220;0.3&#8243; width=&#8220;1\/1&#8243; tablet_width_inherit=&#8220;default&#8220; animation_type=&#8220;default&#8220; bg_image_animation=&#8220;none&#8220; border_type=&#8220;simple&#8220; column_border_width=&#8220;none&#8220; column_border_style=&#8220;solid&#8220;][divider line_type=&#8220;No Line&#8220;][\/vc_column][\/vc_row]\n","protected":false},"excerpt":{"rendered":"<p>[vc_row type=&#8220;in_container&#8220; full_screen_row_position=&#8220;middle&#8220; column_margin=&#8220;default&#8220; column_direction=&#8220;default&#8220; column_direction_tablet=&#8220;default&#8220; column_direction_phone=&#8220;default&#8220; scene_position=&#8220;center&#8220; text_color=&#8220;dark&#8220; text_align=&#8220;left&#8220; row_border_radius=&#8220;none&#8220; row_border_radius_applies=&#8220;bg&#8220; overflow=&#8220;visible&#8220; overlay_strength=&#8220;0.3&#8243; gradient_direction=&#8220;left_to_right&#8220; shape_divider_position=&#8220;bottom&#8220; bg_image_animation=&#8220;none&#8220;][vc_column column_padding=&#8220;no-extra-padding&#8220; column_padding_tablet=&#8220;inherit&#8220; column_padding_phone=&#8220;inherit&#8220; column_padding_position=&#8220;all&#8220; column_element_direction_desktop=&#8220;default&#8220; column_element_spacing=&#8220;default&#8220; desktop_text_alignment=&#8220;default&#8220; tablet_text_alignment=&#8220;default&#8220; phone_text_alignment=&#8220;default&#8220; background_color_opacity=&#8220;1&#8243; background_hover_color_opacity=&#8220;1&#8243; column_backdrop_filter=&#8220;none&#8220; column_shadow=&#8220;none&#8220;&#8230;<\/p>\n","protected":false},"author":1,"featured_media":0,"parent":0,"menu_order":0,"comment_status":"closed","ping_status":"closed","template":"","meta":{"footnotes":""},"class_list":["post-1242","page","type-page","status-publish"],"yoast_head":"<!-- This site is optimized with the Yoast SEO plugin v24.3 - https:\/\/yoast.com\/wordpress\/plugins\/seo\/ -->\n<title>Lido di Venezia - Le Serre del Lido<\/title>\n<meta name=\"robots\" content=\"index, follow, max-snippet:-1, max-image-preview:large, max-video-preview:-1\" \/>\n<link rel=\"canonical\" href=\"https:\/\/www.leserredellido.it\/de\/lido-di-venezia\/\" \/>\n<meta property=\"og:locale\" content=\"de_DE\" \/>\n<meta property=\"og:type\" content=\"article\" \/>\n<meta property=\"og:title\" content=\"Lido di Venezia - Le Serre del Lido\" \/>\n<meta property=\"og:description\" content=\"[vc_row type=&#8220;in_container&#8220; full_screen_row_position=&#8220;middle&#8220; column_margin=&#8220;default&#8220; column_direction=&#8220;default&#8220; column_direction_tablet=&#8220;default&#8220; column_direction_phone=&#8220;default&#8220; scene_position=&#8220;center&#8220; text_color=&#8220;dark&#8220; text_align=&#8220;left&#8220; row_border_radius=&#8220;none&#8220; row_border_radius_applies=&#8220;bg&#8220; overflow=&#8220;visible&#8220; overlay_strength=&#8220;0.3&#8243; gradient_direction=&#8220;left_to_right&#8220; shape_divider_position=&#8220;bottom&#8220; bg_image_animation=&#8220;none&#8220;][vc_column column_padding=&#8220;no-extra-padding&#8220; column_padding_tablet=&#8220;inherit&#8220; column_padding_phone=&#8220;inherit&#8220; column_padding_position=&#8220;all&#8220; column_element_direction_desktop=&#8220;default&#8220; column_element_spacing=&#8220;default&#8220; desktop_text_alignment=&#8220;default&#8220; tablet_text_alignment=&#8220;default&#8220; phone_text_alignment=&#8220;default&#8220; background_color_opacity=&#8220;1&#8243; background_hover_color_opacity=&#8220;1&#8243; column_backdrop_filter=&#8220;none&#8220; column_shadow=&#8220;none&#8220;...\" \/>\n<meta property=\"og:url\" content=\"https:\/\/www.leserredellido.it\/de\/lido-di-venezia\/\" \/>\n<meta property=\"og:site_name\" content=\"Le Serre del Lido\" \/>\n<meta property=\"article:publisher\" content=\"https:\/\/www.facebook.com\/@Le-Serre-del-Lido-100063724713544\/\" \/>\n<meta property=\"article:modified_time\" content=\"2023-03-07T08:39:59+00:00\" \/>\n<meta property=\"og:image\" content=\"https:\/\/www.leserredellido.it\/wp-content\/uploads\/2023\/01\/img-3-01-scaled.jpeg\" \/>\n\t<meta property=\"og:image:width\" content=\"2560\" \/>\n\t<meta property=\"og:image:height\" content=\"1707\" \/>\n\t<meta property=\"og:image:type\" content=\"image\/jpeg\" \/>\n<meta name=\"twitter:card\" content=\"summary_large_image\" \/>\n<meta name=\"twitter:label1\" content=\"Gesch\u00e4tzte Lesezeit\" \/>\n\t<meta name=\"twitter:data1\" content=\"5\u00a0Minuten\" \/>\n<script type=\"application\/ld+json\" class=\"yoast-schema-graph\">{\"@context\":\"https:\/\/schema.org\",\"@graph\":[{\"@type\":\"WebPage\",\"@id\":\"https:\/\/www.leserredellido.it\/de\/lido-di-venezia\/\",\"url\":\"https:\/\/www.leserredellido.it\/de\/lido-di-venezia\/\",\"name\":\"Lido di Venezia - Le Serre del Lido\",\"isPartOf\":{\"@id\":\"https:\/\/www.leserredellido.it\/#website\"},\"datePublished\":\"2023-01-11T09:11:37+00:00\",\"dateModified\":\"2023-03-07T08:39:59+00:00\",\"breadcrumb\":{\"@id\":\"https:\/\/www.leserredellido.it\/de\/lido-di-venezia\/#breadcrumb\"},\"inLanguage\":\"de\",\"potentialAction\":[{\"@type\":\"ReadAction\",\"target\":[\"https:\/\/www.leserredellido.it\/de\/lido-di-venezia\/\"]}]},{\"@type\":\"BreadcrumbList\",\"@id\":\"https:\/\/www.leserredellido.it\/de\/lido-di-venezia\/#breadcrumb\",\"itemListElement\":[{\"@type\":\"ListItem\",\"position\":1,\"name\":\"Home\",\"item\":\"https:\/\/www.leserredellido.it\/de\/\"},{\"@type\":\"ListItem\",\"position\":2,\"name\":\"Lido di Venezia\"}]},{\"@type\":\"WebSite\",\"@id\":\"https:\/\/www.leserredellido.it\/#website\",\"url\":\"https:\/\/www.leserredellido.it\/\",\"name\":\"Le Serre del Lido\",\"description\":\"Un angolo di pace tra il mare e la laguna\",\"alternateName\":\"LSDL\",\"potentialAction\":[{\"@type\":\"SearchAction\",\"target\":{\"@type\":\"EntryPoint\",\"urlTemplate\":\"https:\/\/www.leserredellido.it\/?s={search_term_string}\"},\"query-input\":{\"@type\":\"PropertyValueSpecification\",\"valueRequired\":true,\"valueName\":\"search_term_string\"}}],\"inLanguage\":\"de\"}]}<\/script>\n<!-- \/ Yoast SEO plugin. -->","yoast_head_json":{"title":"Lido di Venezia - Le Serre del Lido","robots":{"index":"index","follow":"follow","max-snippet":"max-snippet:-1","max-image-preview":"max-image-preview:large","max-video-preview":"max-video-preview:-1"},"canonical":"https:\/\/www.leserredellido.it\/de\/lido-di-venezia\/","og_locale":"de_DE","og_type":"article","og_title":"Lido di Venezia - Le Serre del Lido","og_description":"[vc_row type=&#8220;in_container&#8220; full_screen_row_position=&#8220;middle&#8220; column_margin=&#8220;default&#8220; column_direction=&#8220;default&#8220; column_direction_tablet=&#8220;default&#8220; column_direction_phone=&#8220;default&#8220; scene_position=&#8220;center&#8220; text_color=&#8220;dark&#8220; text_align=&#8220;left&#8220; row_border_radius=&#8220;none&#8220; row_border_radius_applies=&#8220;bg&#8220; overflow=&#8220;visible&#8220; overlay_strength=&#8220;0.3&#8243; gradient_direction=&#8220;left_to_right&#8220; shape_divider_position=&#8220;bottom&#8220; bg_image_animation=&#8220;none&#8220;][vc_column column_padding=&#8220;no-extra-padding&#8220; column_padding_tablet=&#8220;inherit&#8220; column_padding_phone=&#8220;inherit&#8220; column_padding_position=&#8220;all&#8220; column_element_direction_desktop=&#8220;default&#8220; column_element_spacing=&#8220;default&#8220; desktop_text_alignment=&#8220;default&#8220; tablet_text_alignment=&#8220;default&#8220; phone_text_alignment=&#8220;default&#8220; background_color_opacity=&#8220;1&#8243; background_hover_color_opacity=&#8220;1&#8243; column_backdrop_filter=&#8220;none&#8220; column_shadow=&#8220;none&#8220;...","og_url":"https:\/\/www.leserredellido.it\/de\/lido-di-venezia\/","og_site_name":"Le Serre del Lido","article_publisher":"https:\/\/www.facebook.com\/@Le-Serre-del-Lido-100063724713544\/","article_modified_time":"2023-03-07T08:39:59+00:00","og_image":[{"width":2560,"height":1707,"url":"https:\/\/www.leserredellido.it\/wp-content\/uploads\/2023\/01\/img-3-01-scaled.jpeg","type":"image\/jpeg"}],"twitter_card":"summary_large_image","twitter_misc":{"Gesch\u00e4tzte Lesezeit":"5\u00a0Minuten"},"schema":{"@context":"https:\/\/schema.org","@graph":[{"@type":"WebPage","@id":"https:\/\/www.leserredellido.it\/de\/lido-di-venezia\/","url":"https:\/\/www.leserredellido.it\/de\/lido-di-venezia\/","name":"Lido di Venezia - Le Serre del Lido","isPartOf":{"@id":"https:\/\/www.leserredellido.it\/#website"},"datePublished":"2023-01-11T09:11:37+00:00","dateModified":"2023-03-07T08:39:59+00:00","breadcrumb":{"@id":"https:\/\/www.leserredellido.it\/de\/lido-di-venezia\/#breadcrumb"},"inLanguage":"de","potentialAction":[{"@type":"ReadAction","target":["https:\/\/www.leserredellido.it\/de\/lido-di-venezia\/"]}]},{"@type":"BreadcrumbList","@id":"https:\/\/www.leserredellido.it\/de\/lido-di-venezia\/#breadcrumb","itemListElement":[{"@type":"ListItem","position":1,"name":"Home","item":"https:\/\/www.leserredellido.it\/de\/"},{"@type":"ListItem","position":2,"name":"Lido di Venezia"}]},{"@type":"WebSite","@id":"https:\/\/www.leserredellido.it\/#website","url":"https:\/\/www.leserredellido.it\/","name":"Le Serre del Lido","description":"Un angolo di pace tra il mare e la laguna","alternateName":"LSDL","potentialAction":[{"@type":"SearchAction","target":{"@type":"EntryPoint","urlTemplate":"https:\/\/www.leserredellido.it\/?s={search_term_string}"},"query-input":{"@type":"PropertyValueSpecification","valueRequired":true,"valueName":"search_term_string"}}],"inLanguage":"de"}]}},"_links":{"self":[{"href":"https:\/\/www.leserredellido.it\/de\/wp-json\/wp\/v2\/pages\/1242","targetHints":{"allow":["GET"]}}],"collection":[{"href":"https:\/\/www.leserredellido.it\/de\/wp-json\/wp\/v2\/pages"}],"about":[{"href":"https:\/\/www.leserredellido.it\/de\/wp-json\/wp\/v2\/types\/page"}],"author":[{"embeddable":true,"href":"https:\/\/www.leserredellido.it\/de\/wp-json\/wp\/v2\/users\/1"}],"replies":[{"embeddable":true,"href":"https:\/\/www.leserredellido.it\/de\/wp-json\/wp\/v2\/comments?post=1242"}],"version-history":[{"count":4,"href":"https:\/\/www.leserredellido.it\/de\/wp-json\/wp\/v2\/pages\/1242\/revisions"}],"predecessor-version":[{"id":1287,"href":"https:\/\/www.leserredellido.it\/de\/wp-json\/wp\/v2\/pages\/1242\/revisions\/1287"}],"wp:attachment":[{"href":"https:\/\/www.leserredellido.it\/de\/wp-json\/wp\/v2\/media?parent=1242"}],"curies":[{"name":"wp","href":"https:\/\/api.w.org\/{rel}","templated":true}]}}